{"id":1342,"date":"2026-03-12T18:19:03","date_gmt":"2026-03-12T15:19:03","guid":{"rendered":"https:\/\/fahriatabeyvakfi.com\/?post_type=etkinlik&#038;p=1342"},"modified":"2026-03-23T09:54:02","modified_gmt":"2026-03-23T06:54:02","slug":"uskudar-zeynep-kamil-mesleki-ve-teknik-anadolu-lisesine-modern-revir-destegi","status":"publish","type":"etkinlik","link":"https:\/\/fahriatabeyvakfi.com\/index.php\/etkinlik\/uskudar-zeynep-kamil-mesleki-ve-teknik-anadolu-lisesine-modern-revir-destegi\/","title":{"rendered":"\u00dcsk\u00fcdar Zeynep Kamil Mesleki ve Teknik Anadolu Lisesi\u2019ne Modern Revir Deste\u011fi"},"content":{"rendered":"<p data-start=\"333\" data-end=\"737\"><strong data-start=\"333\" data-end=\"395\">Do\u00e7. Dr. Fahri Atabey Anne ve \u00c7ocuk Sa\u011fl\u0131\u011f\u0131n\u0131 Koruma Vakf\u0131<\/strong>, gen\u00e7lerin daha g\u00fcvenli ve sa\u011fl\u0131kl\u0131 bir e\u011fitim ortam\u0131nda \u00f6\u011frenim g\u00f6rebilmesi amac\u0131yla y\u00fcr\u00fctt\u00fc\u011f\u00fc sosyal sorumluluk \u00e7al\u0131\u015fmalar\u0131na bir yenisini daha ekledi. Bu kapsamda <strong data-start=\"562\" data-end=\"619\">\u00dcsk\u00fcdar Zeynep Kamil Mesleki ve Teknik Anadolu Lisesi<\/strong> b\u00fcnyesinde modern ve donan\u0131ml\u0131 bir <strong data-start=\"655\" data-end=\"670\">okul reviri<\/strong> olu\u015fturularak \u00f6\u011frencilerin ve okul personelinin hizmetine sunuldu.<\/p>\n<p data-start=\"739\" data-end=\"1181\">E\u011fitim kurumlar\u0131nda sa\u011fl\u0131k g\u00fcvenli\u011finin g\u00fc\u00e7lendirilmesi ve olas\u0131 acil durumlara h\u0131zl\u0131 m\u00fcdahale edilebilmesi amac\u0131yla haz\u0131rlanan revir, temel sa\u011fl\u0131k ekipmanlar\u0131yla donat\u0131larak modern bir sa\u011fl\u0131k alan\u0131 olarak tasarland\u0131. Okul ortam\u0131nda meydana gelebilecek sa\u011fl\u0131k sorunlar\u0131na h\u0131zl\u0131 ve etkili \u015fekilde m\u00fcdahale edilebilmesini sa\u011flayacak bu alan, \u00f6\u011frencilerin e\u011fitim hayatlar\u0131n\u0131 daha g\u00fcvenli ko\u015fullarda s\u00fcrd\u00fcrebilmelerine katk\u0131 sa\u011flamay\u0131 hedefliyor.<\/p>\n<p data-start=\"1183\" data-end=\"1206\">Yeni kurulan revirde;<\/p>\n<ul data-start=\"1207\" data-end=\"1330\">\n<li data-section-id=\"tootow\" data-start=\"1207\" data-end=\"1240\">\n<p data-start=\"1209\" data-end=\"1240\"><strong data-start=\"1209\" data-end=\"1238\">Defibrilat\u00f6r (\u015fok cihaz\u0131)<\/strong><\/p>\n<\/li>\n<li data-section-id=\"1h4j7fr\" data-start=\"1241\" data-end=\"1272\">\n<p data-start=\"1243\" data-end=\"1272\"><strong data-start=\"1243\" data-end=\"1270\">Kan \u015fekeri \u00f6l\u00e7\u00fcm cihaz\u0131<\/strong><\/p>\n<\/li>\n<li data-section-id=\"1q35fo3\" data-start=\"1273\" data-end=\"1293\">\n<p data-start=\"1275\" data-end=\"1293\"><strong data-start=\"1275\" data-end=\"1291\">Oksijen t\u00fcp\u00fc<\/strong><\/p>\n<\/li>\n<li data-section-id=\"12f65ru\" data-start=\"1294\" data-end=\"1330\">\n<p data-start=\"1296\" data-end=\"1330\"><strong data-start=\"1296\" data-end=\"1328\">Temel ilk yard\u0131m ekipmanlar\u0131<\/strong><\/p>\n<\/li>\n<\/ul>\n<p data-start=\"1332\" data-end=\"1525\">gibi hayati \u00f6neme sahip bir\u00e7ok sa\u011fl\u0131k donan\u0131m\u0131 yer almaktad\u0131r. Bu ekipmanlar sayesinde acil sa\u011fl\u0131k durumlar\u0131nda ilk m\u00fcdahalenin h\u0131zl\u0131 ve g\u00fcvenli bir \u015fekilde yap\u0131labilmesi m\u00fcmk\u00fcn hale gelmi\u015ftir.<\/p>\n<p data-start=\"1527\" data-end=\"1857\">Do\u00e7. Dr. Fahri Atabey Anne ve \u00c7ocuk Sa\u011fl\u0131\u011f\u0131n\u0131 Koruma Vakf\u0131 olarak temel hedefimiz; \u00e7ocuklar\u0131n ve gen\u00e7lerin sa\u011fl\u0131\u011f\u0131n\u0131 korumaya y\u00f6nelik projeler geli\u015ftirerek toplum sa\u011fl\u0131\u011f\u0131na katk\u0131da bulunmakt\u0131r. E\u011fitim kurumlar\u0131nda sa\u011fl\u0131k altyap\u0131s\u0131n\u0131n g\u00fc\u00e7lendirilmesi de bu hedef do\u011frultusunda \u00f6ncelikli \u00e7al\u0131\u015fma alanlar\u0131m\u0131z aras\u0131nda yer almaktad\u0131r.<\/p>\n<p data-start=\"1859\" data-end=\"2137\">\u00dcsk\u00fcdar Zeynep Kamil Mesleki ve Teknik Anadolu Lisesi y\u00f6netimi taraf\u0131ndan yap\u0131lan a\u00e7\u0131klamada, okul b\u00fcnyesinde olu\u015fturulan bu sa\u011fl\u0131k alan\u0131n\u0131n \u00f6\u011frenciler ve personel i\u00e7in \u00f6nemli bir ihtiya\u00e7 oldu\u011fu belirtilmi\u015f; revirin kazand\u0131r\u0131lmas\u0131na katk\u0131 sa\u011flayan vakf\u0131m\u0131za te\u015fekk\u00fcr edilmi\u015ftir.<\/p>\n<p data-start=\"2139\" data-end=\"2399\">Do\u00e7. Dr. Fahri Atabey Anne ve \u00c7ocuk Sa\u011fl\u0131\u011f\u0131n\u0131 Koruma Vakf\u0131, gelece\u011fimiz olan \u00e7ocuklar\u0131n ve gen\u00e7lerin sa\u011fl\u0131kl\u0131 bireyler olarak yeti\u015fmesine katk\u0131 sa\u011flayacak projeleri desteklemeye ve e\u011fitim kurumlar\u0131yla i\u015f birli\u011fi i\u00e7inde \u00e7al\u0131\u015fmalar\u0131n\u0131 s\u00fcrd\u00fcrmeye devam edecektir.<\/p>\n","protected":false},"featured_media":1350,"template":"","format":"standard","meta":{"_acf_changed":false},"categories":[10,24],"class_list":["post-1342","etkinlik","type-etkinlik","status-publish","format-standard","has-post-thumbnail","hentry","category-etkinlikler","category-tamamlanan-etkinlikler"],"acf":[],"_links":{"self":[{"href":"https:\/\/fahriatabeyvakfi.com\/index.php\/wp-json\/wp\/v2\/etkinlik\/1342","targetHints":{"allow":["GET"]}}],"collection":[{"href":"https:\/\/fahriatabeyvakfi.com\/index.php\/wp-json\/wp\/v2\/etkinlik"}],"about":[{"href":"https:\/\/fahriatabeyvakfi.com\/index.php\/wp-json\/wp\/v2\/types\/etkinlik"}],"wp:featuredmedia":[{"embeddable":true,"href":"https:\/\/fahriatabeyvakfi.com\/index.php\/wp-json\/wp\/v2\/media\/1350"}],"wp:attachment":[{"href":"https:\/\/fahriatabeyvakfi.com\/index.php\/wp-json\/wp\/v2\/media?parent=1342"}],"wp:term":[{"taxonomy":"category","embeddable":true,"href":"https:\/\/fahriatabeyvakfi.com\/index.php\/wp-json\/wp\/v2\/categories?post=1342"}],"curies":[{"name":"wp","href":"https:\/\/api.w.org\/{rel}","templated":true}]}}